{"version":"1.0","provider_name":"Archives Nationales de Tunisie","provider_url":"https:\/\/www.archives.nat.tn\/fr\/","title":"C\u00e9l\u00e9bration de la journ\u00e9e mondiale des archives dans le cadre de la coop\u00e9ration internationale - Archives Nationales de Tunisie","type":"rich","width":600,"height":338,"html":"<blockquote class=\"wp-embedded-content\" data-secret=\"elimd3JrcI\"><a href=\"https:\/\/www.archives.nat.tn\/fr\/dans-le-cadre-de-la-cooperation-internationale\/\">C\u00e9l\u00e9bration de la journ\u00e9e mondiale des archives dans le cadre de la coop\u00e9ration internationale<\/a><\/blockquote><iframe sandbox=\"allow-scripts\" security=\"restricted\" src=\"https:\/\/www.archives.nat.tn\/fr\/dans-le-cadre-de-la-cooperation-internationale\/embed\/#?secret=elimd3JrcI\" width=\"600\" height=\"338\" title=\"\u00ab\u00a0C\u00e9l\u00e9bration de la journ\u00e9e mondiale des archives dans le cadre de la coop\u00e9ration internationale\u00a0\u00bb &#8212; Archives Nationales de Tunisie\" data-secret=\"elimd3JrcI\" frameborder=\"0\" marginwidth=\"0\" marginheight=\"0\" scrolling=\"no\" class=\"wp-embedded-content\"><\/iframe><script type=\"text\/javascript\">\n\/* <![CDATA[ *\/\n\/*! This file is auto-generated *\/\n!function(d,l){\"use strict\";l.querySelector&&d.addEventListener&&\"undefined\"!=typeof URL&&(d.wp=d.wp||{},d.wp.receiveEmbedMessage||(d.wp.receiveEmbedMessage=function(e){var t=e.data;if((t||t.secret||t.message||t.value)&&!\/[^a-zA-Z0-9]\/.test(t.secret)){for(var s,r,n,a=l.querySelectorAll('iframe[data-secret=\"'+t.secret+'\"]'),o=l.querySelectorAll('blockquote[data-secret=\"'+t.secret+'\"]'),c=new RegExp(\"^https?:$\",\"i\"),i=0;i<o.length;i++)o[i].style.display=\"none\";for(i=0;i<a.length;i++)s=a[i],e.source===s.contentWindow&&(s.removeAttribute(\"style\"),\"height\"===t.message?(1e3<(r=parseInt(t.value,10))?r=1e3:~~r<200&&(r=200),s.height=r):\"link\"===t.message&&(r=new URL(s.getAttribute(\"src\")),n=new URL(t.value),c.test(n.protocol))&&n.host===r.host&&l.activeElement===s&&(d.top.location.href=t.value))}},d.addEventListener(\"message\",d.wp.receiveEmbedMessage,!1),l.addEventListener(\"DOMContentLoaded\",function(){for(var e,t,s=l.querySelectorAll(\"iframe.wp-embedded-content\"),r=0;r<s.length;r++)(t=(e=s[r]).getAttribute(\"data-secret\"))||(t=Math.random().toString(36).substring(2,12),e.src+=\"#?secret=\"+t,e.setAttribute(\"data-secret\",t)),e.contentWindow.postMessage({message:\"ready\",secret:t},\"*\")},!1)))}(window,document);\n\/* ]]> *\/\n<\/script>\n","thumbnail_url":"https:\/\/www.archives.nat.tn\/wp-content\/uploads\/2022\/06\/unnamed.png","thumbnail_width":4501,"thumbnail_height":7317,"description":"Dans le cadre de la coop\u00e9ration internationale : Les Archives Nationales de Tunisie et l\u2019Instance des Documents et des Archives de la Sharjah, ont organis\u00e9 le jeudi 09 juin 2022, une c\u00e9r\u00e9monie de c\u00e9l\u00e9bration de la journ\u00e9e mondiale des archives pendant laquelle elles ont reconduit leur convention de coop\u00e9ration."}